{"id":50,"date":"2015-03-26T08:56:52","date_gmt":"2015-03-26T08:56:52","guid":{"rendered":"http:\/\/wp12210664.server-he.ch\/wordpress\/?page_id=50"},"modified":"2025-11-29T10:50:47","modified_gmt":"2025-11-29T10:50:47","slug":"buecher","status":"publish","type":"page","link":"https:\/\/lkgstillen.ch\/wordpress\/buecher\/","title":{"rendered":"B\u00fccher und Brosch\u00fcren"},"content":{"rendered":"<p>Interessieren Sie sich f\u00fcr Kinder mit einer Lippen-Kiefer-Gaumen-Nasen-Fehlbildung (LKGN), dann k\u00f6nnten Ihnen folgende B\u00fccher und Brosch\u00fcren auf Ihrer Informationssuche weiterhelfen.<\/p>\n<h4 style=\"font-weight: 400;\"><span style=\"color: #ff0000;\"><strong>NEU NEU NEU<\/strong><\/span><\/h4>\n<p style=\"font-weight: 400;\"><a href=\"https:\/\/lkgstillen.ch\/wordpress\/wp-content\/uploads\/2025\/11\/Buch_LKG_Schweiz.jpg\"><img loading=\"lazy\" decoding=\"async\" class=\"alignright wp-image-1511\" src=\"https:\/\/lkgstillen.ch\/wordpress\/wp-content\/uploads\/2025\/11\/Buch_LKG_Schweiz.jpg\" alt=\"\" width=\"300\" height=\"428\" srcset=\"https:\/\/lkgstillen.ch\/wordpress\/wp-content\/uploads\/2025\/11\/Buch_LKG_Schweiz.jpg 322w, https:\/\/lkgstillen.ch\/wordpress\/wp-content\/uploads\/2025\/11\/Buch_LKG_Schweiz-210x300.jpg 210w\" sizes=\"auto, (max-width: 300px) 100vw, 300px\" \/><\/a>Diese Brosch\u00fcre soll Betroffenen und ihren Angeh\u00f6rigen Mut machen, Orientierung geben und verl\u00e4ssliche, leicht verst\u00e4ndliche Informationen rund um Lippen-Kiefer-Gaumenspalten bieten. Unser Wunsch ist es, jemanden in einer herausfordernden Zeit an die Hand zu nehmen und ein St\u00fcck Sicherheit zu schenken.<\/p>\n<p style=\"font-weight: 400;\"><a href=\"https:\/\/www.lkgs-schweiz.ch\/angebot\/geplante_projekte\/kostenlose_broschuere\" target=\"_blank\" rel=\"noopener\"><span style=\"color: #0000ff;\"><strong>Hier<\/strong><\/span><\/a> kann diese Brosch\u00fcre bestellt werden.<\/p>\n<p>&nbsp;<\/p>\n<p>&nbsp;<\/p>\n<p>&nbsp;<\/p>\n<p>&nbsp;<\/p>\n<hr \/>\n<p><strong>Ern\u00e4hrungsfragen bei Babys<\/strong>\u00a0\u00a0 \u00a0 \u00a0\u00a0\u00a0\u00a0\u00a0\u00a0Heft <strong>10<a href=\"http:\/\/lkgstillen.ch\/wordpress\/wp-content\/uploads\/2020\/02\/Heft_10_2019_Herzog_Titel_gelb.jpg\"><img loading=\"lazy\" decoding=\"async\" class=\"wp-image-975 alignright\" src=\"http:\/\/lkgstillen.ch\/wordpress\/wp-content\/uploads\/2020\/02\/Heft_10_2019_Herzog_Titel_gelb.jpg\" alt=\"\" width=\"294\" height=\"400\" srcset=\"https:\/\/lkgstillen.ch\/wordpress\/wp-content\/uploads\/2020\/02\/Heft_10_2019_Herzog_Titel_gelb.jpg 624w, https:\/\/lkgstillen.ch\/wordpress\/wp-content\/uploads\/2020\/02\/Heft_10_2019_Herzog_Titel_gelb-220x300.jpg 220w\" sizes=\"auto, (max-width: 294px) 100vw, 294px\" \/><\/a><br \/>\n<\/strong>mit <span lang=\"DE-CH\">einer Lippen-Kiefer-Gaumen-Nasen-Fehlbildung (LKGN)<\/span><\/p>\n<p>Selbsthilfevereinigung f\u00fcr Lippen-Gaumen-Fehlbildungen e.V.<br \/>\nWolfgang Rosenthal Gesellschaft<\/p>\n<p><strong>Christa Herzog-Isler, Ulrike Giebel, Andrea Siems<\/strong><\/p>\n<p>In der Informationsbrosch\u00fcre wird auf verschiedene M\u00f6glichkeiten der Nahrungsaufnahme eingegangen. Die Autorinnen versuchen einen liebevollen Beginn des Lebens aufzuzeigen. Grafiken stellen das Trinken mit und ohne Spaltfehlbildung gegen\u00fcber. Bebildert finden Sie diverse Methoden der Ern\u00e4hrung. Mit den spannenden Elternberichten \u00fcber den Alltag von Betroffenen, rundet Andrea Siems die Brosch\u00fcre ab.<\/p>\n<p>In der Schwangerschaft ist der ideale Zeitpunkt mit einer Fachperson die Brosch\u00fcre anzuschauen und sich Gedanken \u00fcber die diversen Ern\u00e4hrungsm\u00f6glichkeiten zu machen, auch das Material in die Hand zu nehmen. Besprechen Sie Ihre Ern\u00e4hrungsw\u00fcnsche mit den Verantwortlichen am Geburts- oder Spaltzentrum.<\/p>\n<p>Diese Brosch\u00fcre kann bei\u00a0<a href=\"https:\/\/www.lkg-selbsthilfe.de\/kontakt\" target=\"_blank\" rel=\"noopener\">https:\/\/www.lkg-selbsthilfe.de\/kontakt<\/a>\u00a0angefordert werden.<\/p>\n<hr \/>\n<h3>Bachelorarbeit Hebammenwissenschaft<a href=\"https:\/\/lkgstillen.ch\/wordpress\/wp-content\/uploads\/2023\/04\/neu_Bachelorarbeit_Birke-Laura_Final_US_korrigiert.pdf\"><img loading=\"lazy\" decoding=\"async\" class=\"alignright wp-image-1254\" src=\"https:\/\/lkgstillen.ch\/wordpress\/wp-content\/uploads\/2023\/04\/Balchelorarbeit_2023-211x300.png\" alt=\"\" width=\"209\" height=\"297\" \/><\/a><br \/>\nLaura Maria Birke, Nov. 2022<\/h3>\n<p style=\"font-weight: 400;\">4 M\u00fctter wurden mit Hilfe eines Interviewleitfadens befragt.<\/p>\n<p style=\"font-weight: 400;\">Die Forschungsfragen dieser Bachelorarbeit lauten deshalb:<\/p>\n<ul>\n<li style=\"font-weight: 400;\"><em>Wie beschreiben M\u00fctter die Unterst\u00fctzung durch \u00c4rzt*innen, Hebammen und ihre Familien, im Hinblick auf Beratung, Aufkl\u00e4rung und Betreuung zum Thema Stillen ihres Kindes mit LKGS?<\/em><\/li>\n<li style=\"font-weight: 400;\"><em>Welche W\u00fcnsche, Bed\u00fcrfnisse oder Verbesserungsvorschl\u00e4ge<br \/>\n<\/em><em>\u00e4ussern die Befragten generell zum Thema Unterst\u00fctzung?<\/em><\/li>\n<\/ul>\n<p style=\"font-weight: 400;\">Die Bachelorarbeit k\u00f6nnen Sie hier als <a href=\"https:\/\/lkgstillen.ch\/wordpress\/wp-content\/uploads\/2023\/04\/neu_Bachelorarbeit_Birke-Laura_Final_US_korrigiert.pdf\" target=\"_blank\" rel=\"noopener\"><strong>PDF<\/strong><\/a> einsehen.<\/p>\n<hr \/>\n<h3><a href=\"http:\/\/lkgstillen.ch\/wordpress\/wp-content\/uploads\/2022\/11\/Maturaarbeit-2021-Carmen-Achermann-1.png\" target=\"_blank\" rel=\"http:\/\/lkgstillen.ch\/wordpress\/wp-content\/uploads\/2022\/11\/Maturaarbeit-2021-Carmen-Achermann.pdf noopener\"><img loading=\"lazy\" decoding=\"async\" class=\"alignright wp-image-1120 size-medium\" src=\"http:\/\/lkgstillen.ch\/wordpress\/wp-content\/uploads\/2022\/11\/Maturaarbeit-2021-Carmen-Achermann-1-232x300.png\" alt=\"\" width=\"232\" height=\"300\" srcset=\"https:\/\/lkgstillen.ch\/wordpress\/wp-content\/uploads\/2022\/11\/Maturaarbeit-2021-Carmen-Achermann-1-232x300.png 232w, https:\/\/lkgstillen.ch\/wordpress\/wp-content\/uploads\/2022\/11\/Maturaarbeit-2021-Carmen-Achermann-1-791x1024.png 791w, https:\/\/lkgstillen.ch\/wordpress\/wp-content\/uploads\/2022\/11\/Maturaarbeit-2021-Carmen-Achermann-1-768x994.png 768w, https:\/\/lkgstillen.ch\/wordpress\/wp-content\/uploads\/2022\/11\/Maturaarbeit-2021-Carmen-Achermann-1.png 834w\" sizes=\"auto, (max-width: 232px) 100vw, 232px\" \/><\/a>Matura Arbeit von<br \/>\nCarmen Achermann, 2021<\/h3>\n<p>Die Matura-Arbeit k\u00f6nnen<br \/>\nSie hier als <a href=\"http:\/\/lkgstillen.ch\/wordpress\/wp-content\/uploads\/2022\/11\/Maturaarbeit-2021-Carmen-Achermann.pdf\" target=\"_blank\" rel=\"noopener\">PDF<\/a> einsehen.<\/p>\n<p>&nbsp;<\/p>\n<p>&nbsp;<\/p>\n<p>&nbsp;<\/p>\n<p>&nbsp;<\/p>\n<p>&nbsp;<\/p>\n<hr \/>\n<h3><strong>Lippen-Kiefer-Gaumenspalte <a href=\"http:\/\/lkgstillen.ch\/wordpress\/wp-content\/uploads\/2022\/11\/Buch_Masaracchia.jpg\"><img loading=\"lazy\" decoding=\"async\" class=\"size-medium wp-image-1159 alignright\" src=\"http:\/\/lkgstillen.ch\/wordpress\/wp-content\/uploads\/2022\/11\/Buch_Masaracchia-245x300.jpg\" alt=\"\" width=\"245\" height=\"300\" srcset=\"https:\/\/lkgstillen.ch\/wordpress\/wp-content\/uploads\/2022\/11\/Buch_Masaracchia-245x300.jpg 245w, https:\/\/lkgstillen.ch\/wordpress\/wp-content\/uploads\/2022\/11\/Buch_Masaracchia.jpg 305w\" sizes=\"auto, (max-width: 245px) 100vw, 245px\" \/><\/a>\u00a0<\/strong><\/h3>\n<p><strong>Der Elternratgeber zum Thema Geburt, Stillen, Operationen und Familie<\/strong><br \/>\n<strong> von Regina Masaracchia<\/strong><\/p>\n<p>Die Diagnose Lippen-Kiefer-Gaumenspalte ist f\u00fcr Eltern, die sich auf ein &#8222;normales&#8220; Kind gefreut haben, zun\u00e4chst ein Schock. Das besondere Aussehen ihres Kindes und die \u00c4ngste, wie es ern\u00e4hrt werden kann und welche Operationen anstehen, st\u00fcrzen auf die junge Familie ein. Der Sohn Samuel der Autorin Regina Masaracchia kam selbst mit einer Gaumenspalte zur Welt. Um ihrem Sohn m\u00f6glichst wenig Belastungen auszusetzen, ihn stillen zu k\u00f6nnen und um ihre vielen Fragen zu kl\u00e4ren, besch\u00e4ftigte sich Regina Masaracchia intensiv mit dem Thema Lippen-, Kiefer-, Gaumen-, Segelspalte (LGKS). Inzwischen ist sie Still- und Laktationsberaterin IBCLC und anerkannte Expertin f\u00fcr alle Fragen rund um Fehlbildungen im Mundbereich.<br \/>\nWelche Operationstechniken gibt es und was k\u00f6nnte auf uns zukommen? Wie k\u00f6nnen wir unserem Baby helfen?<\/p>\n<p>Welche M\u00f6glichkeiten und Hilfsmittel gibt es, um ein Kind mit einer Lippen-Kiefer-Gaumenspalte zu stillen? Was, wenn es mit dem Stillen nicht klappen will?<br \/>\nDer Elternratgeber zum Stillen, den Operationen und dem Familienalltag gibt Ihnen Antworten auf diese und zahlreiche weitere Fragen.<\/p>\n<p>2. Auflage August 2012<\/p>\n<p>Bitte bei der Autorin direkt bestellen <a class=\"\" href=\"mailto:regina.masaracchia66@gmail.com\">regina.masaracchia66@gmail.com<\/a><\/p>\n<hr \/>\n<h3><strong>Besonders wenn sie lacht\u00a0<a href=\"http:\/\/lkgstillen.ch\/wordpress\/wp-content\/uploads\/2015\/04\/BesondersWennSieLacht.jpg\"><img loading=\"lazy\" decoding=\"async\" class=\" size-full wp-image-301 alignright\" src=\"http:\/\/lkgstillen.ch\/wordpress\/wp-content\/uploads\/2015\/04\/BesondersWennSieLacht.jpg\" alt=\"BesondersWennSieLacht\" width=\"200\" height=\"224\" \/><\/a><\/strong><\/h3>\n<h4>Das Kindersachbuch zum Thema Stillen, F\u00fcttern, Operation und Heilung bei Lippen-Kiefer-Gaumenspalte<\/h4>\n<p><strong>Regina Masaracchia, Iris-Susanne Brandt-Schenk<\/strong><\/p>\n<p>Paul, Sophie und Nina haben ein Schwesterchen bekommen. Doch was ist das? Emma sieht ja ganz anders aus als andere Babys! Sie ist zwar gesund und munter, aber in ihrer Lippe ist oben eine ziemlich gro\u00dfe Spalte. Die Hebamme und eine Stillberaterin zeigen Pauls Mutter, wie die kleine Emma trotz ihrer Fehlbildung gestillt werden kann. Die Natur ist manchmal eben nicht perfekt, und auch das ist normal. Trotzdem schauen die Leute oft komisch, wenn sie Emma sehen, und das \u00e4rgert vor allem Paul und seine Schwester Sophie. Wie gut, dass sich im Krankenhaus viele Menschen um Klein-Emma k\u00fcmmern. Schon bald wird Emmas Spalte operiert werden und man wird nur noch eine kleine Narbe sehen.<\/p>\n<p>Zus\u00e4tzlich: \u201eIch wei\u00df jetzt wie!\u201c-Teil f\u00fcr Kinder mit Anregungen und kniffligen Fragen, Erwachsenen-Seiten mit weiterf\u00fchrenden Erkl\u00e4rungen zum Thema (teilweises) Stillen, Flaschen- und Alternativf\u00fctterung sowie Operation und Heilung bei Lippen-Kiefer-Gaumenspalte.<\/p>\n<p>2014 | 2., Aufl.<br \/>\nedition riedenburg (Verlag)<br \/>\nISBN 97 8-3-902943-38-5<\/p>\n<hr \/>\n<h3><strong>Lass uns etwas Zeit\u00a0<a href=\"http:\/\/lkgstillen.ch\/wordpress\/wp-content\/uploads\/2015\/04\/LassUnsEtwasZeit.jpg\"><img loading=\"lazy\" decoding=\"async\" class=\" size-full wp-image-305 alignright\" src=\"http:\/\/lkgstillen.ch\/wordpress\/wp-content\/uploads\/2015\/04\/LassUnsEtwasZeit.jpg\" alt=\"LassUnsEtwasZeit\" width=\"120\" height=\"171\" \/><\/a><\/strong><\/h3>\n<p><strong>Herzog-Isler Christa, Klaus Honigmann \u2020<\/strong><\/p>\n<p>Brosch\u00fcre \u201eLasst uns etwas Zeit\u201c, Wie Kinder mit einer Lippen- und Gaumenspalte ern\u00e4hrt werden k\u00f6nnen.<br \/>\n<strong><em><br \/>\n<strong>Sprachen:<\/strong><\/em><\/strong><em> Deutsch, Englisch, Franz\u00f6sisch, Holl\u00e4ndisch, Japanisch, Spanisch und Ungarisch.<\/em><\/p>\n<p>Diese Brosch\u00fcre ist 1996 verfasst und entspricht nicht mehr in allen Teilen den heutigen Erkenntnissen. Trotzdem ist sie immer noch hilfreich f\u00fcr Eltern, Verwandte und Bekannte, die einen kurzen Einblick in die Thematik bekommen m\u00f6chten.<\/p>\n<p>Die Brosch\u00fcre kann bei der Autorin digital angefordert werden. <a href=\"http:\/\/lkgstillen.ch\/wordpress\/kontaktformular\/\">Brosch\u00fcre anfordern<\/a><\/p>\n<hr \/>\n<h3><strong>Lippen- und Gaumenspalten\u00a0<a href=\"http:\/\/lkgstillen.ch\/wordpress\/wp-content\/uploads\/2015\/04\/LippenundGaumenspalte.jpg\"><img loading=\"lazy\" decoding=\"async\" class=\" size-full wp-image-307 alignright\" src=\"http:\/\/lkgstillen.ch\/wordpress\/wp-content\/uploads\/2015\/04\/LippenundGaumenspalte.jpg\" alt=\"LippenundGaumenspalte\" width=\"120\" height=\"186\" \/><\/a><\/strong><\/h3>\n<p><strong>Klaus Honigmann \u2020<\/strong><\/p>\n<p>Lippen- und Gaumenspalten<br \/>\nDas Basler Konzept\u00a0einer ganzheitlichen Betrachtung,<br \/>\nVerlag Hans Huber<\/p>\n<p>ISBN 3-456-82833-0<\/p>\n<hr \/>\n<h3>Das andere L\u00e4cheln:\u00a0<a href=\"http:\/\/lkgstillen.ch\/wordpress\/wp-content\/uploads\/2015\/04\/DasAndereL\u00e4cheln.jpg\"><img loading=\"lazy\" decoding=\"async\" class=\" size-full wp-image-303 alignright\" src=\"http:\/\/lkgstillen.ch\/wordpress\/wp-content\/uploads\/2015\/04\/DasAndereL\u00e4cheln.jpg\" alt=\"DasAndereL\u00e4cheln\" width=\"120\" height=\"171\" \/><\/a><\/h3>\n<h3>Babys mit Lippen-Kiefer-Gaumenspalte<\/h3>\n<h1 style=\"margin: 0cm; margin-bottom: .0001pt;\"><span class=\"a-size-large\"><span lang=\"DE-CH\" style=\"font-size: 12.0pt;\">Ein Buch (nicht nur) f\u00fcr Eltern <\/span><\/span><span class=\"a-size-medium\"><span lang=\"DE-CH\" style=\"font-size: 12.0pt;\">2012<\/span><\/span><\/h1>\n<p style=\"margin: 0cm; margin-bottom: .0001pt;\"><strong><span lang=\"DE-CH\" style=\"font-size: 12.0pt;\">von <span class=\"author\">Kirsten Caspers<\/span><\/span><\/strong><\/p>\n<p>Wie komme ich mit diesem besonderen Kind zurecht?<br \/>\nWas kommt auf dieses Kind zu?<br \/>\nEinf\u00fchlsam beschreibt die selbst betroffene Mutter Kirsten Caspers die ersten Monate und Jahre mit einem Gaumenspalten-Baby, gibt Ratschl\u00e4ge zur Ern\u00e4hrung und allen sonstigen Schwierigkeiten, die auf die Eltern und das Kind, aber auch auf die Umgebung zukommen. Sie erkl\u00e4rt alle notwendigen medizinischen Schritte wie Operationen und Nachsorge und geht auch auf Probleme wie z.B. Zahn- und Sprachentwicklung ein. F\u00fcr die Eltern in dieser zun\u00e4chst sicher schockierenden Situation ein wertvoller und hilfreicher Ratgeber, der aber auch Verwandten und Bekannten zur Lekt\u00fcre empfohlen wird.<\/p>\n<hr \/>\n<h3>Fr\u00fchf\u00f6rderung bei Kindern\u00a0<a href=\"http:\/\/lkgstillen.ch\/wordpress\/wp-content\/uploads\/2015\/04\/Fruehfoerderung.jpg\"><img loading=\"lazy\" decoding=\"async\" class=\" size-full wp-image-304 alignright\" src=\"http:\/\/lkgstillen.ch\/wordpress\/wp-content\/uploads\/2015\/04\/Fruehfoerderung.jpg\" alt=\"Fruehfoerderung\" width=\"120\" height=\"169\" \/><\/a>mit Lippen-Kiefer-Gaumen-Segel-Fehlbildung 2010<strong style=\"font-size: 16px; line-height: 1.5;\"> \u00a0<\/strong><\/h3>\n<p><strong>von Sandra Neumann<\/strong><\/p>\n<p>F\u00fcr Sprachheilp\u00e4dagogen, Logop\u00e4den und Sprach-, Sprech-, Stimm-, Atem-, Schlucktherapeuten in Praxis und Ausbildung, die mit Kindern mit LKGS-Fehlbildung arbeiten oder an diesem Bereich interessiert sind. Es bietet eine intensive Einf\u00fchrung in Embryologie, Erscheinungsformen, m\u00f6gliche Folgebeeintr\u00e4chtigungen, spezielle Sprech\u00adauff\u00e4lligkeiten und in die komplexe interdisziplin\u00e4re Betreuung. Weiterhin wird die praktische Aufgabe der sprachtherapeutischen Fr\u00fchbetreuung mit ihrem pr\u00e4ventiven Gedanken ausf\u00fchrlich erl\u00e4utert. Neben der rein kindzentrierten F\u00f6rderung nimmt hierbei die psycho-soziale Beratung der Eltern einen gro\u00dfen Stellenwert ein. Als Praxisanregung wird das sprachliche Fr\u00fchf\u00f6rderkonzept f\u00fcr Kinder mit LKGS im Alter von 1,6 bis 3,0 Jahren vorgestellt.<\/p>\n<p>&nbsp;<\/p>\n","protected":false},"excerpt":{"rendered":"<p>Interessieren Sie sich f\u00fcr Kinder mit einer Lippen-Kiefer-Gaumen-Nasen-Fehlbildung (LKGN), dann k\u00f6nnten Ihnen folgende B\u00fccher und Brosch\u00fcren auf Ihrer Informationssuche weiterhelfen. NEU NEU NEU Diese Brosch\u00fcre soll Betroffenen und ihren Angeh\u00f6rigen Mut machen, Orientierung geben und verl\u00e4ssliche, leicht verst\u00e4ndliche Informationen rund &hellip; <a href=\"https:\/\/lkgstillen.ch\/wordpress\/buecher\/\">Weiterlesen <span class=\"meta-nav\">&rarr;<\/span><\/a><\/p>\n","protected":false},"author":1,"featured_media":635,"parent":0,"menu_order":0,"comment_status":"closed","ping_status":"closed","template":"","meta":{"footnotes":""},"class_list":["post-50","page","type-page","status-publish","has-post-thumbnail","hentry"],"aioseo_notices":[],"_links":{"self":[{"href":"https:\/\/lkgstillen.ch\/wordpress\/wp-json\/wp\/v2\/pages\/50","targetHints":{"allow":["GET"]}}],"collection":[{"href":"https:\/\/lkgstillen.ch\/wordpress\/wp-json\/wp\/v2\/pages"}],"about":[{"href":"https:\/\/lkgstillen.ch\/wordpress\/wp-json\/wp\/v2\/types\/page"}],"author":[{"embeddable":true,"href":"https:\/\/lkgstillen.ch\/wordpress\/wp-json\/wp\/v2\/users\/1"}],"replies":[{"embeddable":true,"href":"https:\/\/lkgstillen.ch\/wordpress\/wp-json\/wp\/v2\/comments?post=50"}],"version-history":[{"count":84,"href":"https:\/\/lkgstillen.ch\/wordpress\/wp-json\/wp\/v2\/pages\/50\/revisions"}],"predecessor-version":[{"id":1533,"href":"https:\/\/lkgstillen.ch\/wordpress\/wp-json\/wp\/v2\/pages\/50\/revisions\/1533"}],"wp:featuredmedia":[{"embeddable":true,"href":"https:\/\/lkgstillen.ch\/wordpress\/wp-json\/wp\/v2\/media\/635"}],"wp:attachment":[{"href":"https:\/\/lkgstillen.ch\/wordpress\/wp-json\/wp\/v2\/media?parent=50"}],"curies":[{"name":"wp","href":"https:\/\/api.w.org\/{rel}","templated":true}]}}